{"id":5,"date":"2019-09-10T14:59:05","date_gmt":"2019-09-10T12:59:05","guid":{"rendered":"http:\/\/l-bulgaricus.de\/lbul\/?page_id=5"},"modified":"2019-09-13T14:05:18","modified_gmt":"2019-09-13T12:05:18","slug":"ueber-den-verein","status":"publish","type":"page","link":"http:\/\/l-bulgaricus.de\/lbul\/ueber-den-verein\/","title":{"rendered":"\u00dcber Uns"},"content":{"rendered":"<p>Der im M\u00e4rz 2016 gegr\u00fcndete Verein L. bulgaricus Jena e.V setzt sich f\u00fcr die soziale und kulturelle Verst\u00e4ndigung, den Austausch zwischen den unterschiedlichen Kulturen, Traditionen und Nationalit\u00e4ten ein und f\u00f6rdert somit insbesondere den Europagedanken. Mit den Vereinsaktivit\u00e4ten und Initiativen sollen die Bekanntheit der bulgarischen Kultur sowie der Erhalt und die Weitergabe der bulgarischen Identit\u00e4t an Kinder der in Th\u00fcringen lebenden Bulgarinnen und Bulgaren gef\u00f6rdert werden.<\/p>\n<p>Bedeutende Projekte des Vereins sind die seit 2017 j\u00e4hrlich stattfindenden Tage der bulgarischen Kultur in Jena.<\/p>\n","protected":false},"excerpt":{"rendered":"<p>Der im M\u00e4rz 2016 gegr\u00fcndete Verein L. bulgaricus Jena e.V setzt sich f\u00fcr die soziale und kulturelle Verst\u00e4ndigung, den Austausch zwischen den unterschiedlichen Kulturen, Traditionen und Nationalit\u00e4ten ein und f\u00f6rdert somit insbesondere den Europagedanken. Mit den Vereinsaktivit\u00e4ten und Initiativen sollen die Bekanntheit der bulgarischen Kultur sowie der Erhalt und die Weitergabe der bulgarischen Identit\u00e4t an Kinder der in Th\u00fcringen lebenden [&#8230;]<\/p>\n","protected":false},"author":1,"featured_media":0,"parent":0,"menu_order":1,"comment_status":"closed","ping_status":"closed","template":"","meta":{"footnotes":""},"class_list":["post-5","page","type-page","status-publish","hentry"],"_links":{"self":[{"href":"http:\/\/l-bulgaricus.de\/lbul\/wp-json\/wp\/v2\/pages\/5","targetHints":{"allow":["GET"]}}],"collection":[{"href":"http:\/\/l-bulgaricus.de\/lbul\/wp-json\/wp\/v2\/pages"}],"about":[{"href":"http:\/\/l-bulgaricus.de\/lbul\/wp-json\/wp\/v2\/types\/page"}],"author":[{"embeddable":true,"href":"http:\/\/l-bulgaricus.de\/lbul\/wp-json\/wp\/v2\/users\/1"}],"replies":[{"embeddable":true,"href":"http:\/\/l-bulgaricus.de\/lbul\/wp-json\/wp\/v2\/comments?post=5"}],"version-history":[{"count":3,"href":"http:\/\/l-bulgaricus.de\/lbul\/wp-json\/wp\/v2\/pages\/5\/revisions"}],"predecessor-version":[{"id":59,"href":"http:\/\/l-bulgaricus.de\/lbul\/wp-json\/wp\/v2\/pages\/5\/revisions\/59"}],"wp:attachment":[{"href":"http:\/\/l-bulgaricus.de\/lbul\/wp-json\/wp\/v2\/media?parent=5"}],"curies":[{"name":"wp","href":"https:\/\/api.w.org\/{rel}","templated":true}]}}